{"id":9416,"date":"2020-12-08T13:59:56","date_gmt":"2020-12-08T13:59:56","guid":{"rendered":"http:\/\/educacion.uprrp.edu\/edfi\/?page_id=9416"},"modified":"2020-12-08T14:02:43","modified_gmt":"2020-12-08T14:02:43","slug":"profa-lucia-del-r-martinez-colon","status":"publish","type":"page","link":"https:\/\/educacion.uprrp.edu\/edfi\/?page_id=9416","title":{"rendered":"Profa.\u00a0Luc\u00eda del R. Mart\u00ednez Col\u00f3n"},"content":{"rendered":"\t\t<div data-elementor-type=\"wp-page\" data-elementor-id=\"9416\" class=\"elementor elementor-9416\">\n\t\t\t\t\t\t<section class=\"elementor-section elementor-top-section elementor-element elementor-element-13b12a2 elementor-section-boxed elementor-section-height-default elementor-section-height-default\" data-id=\"13b12a2\" data-element_type=\"section\" data-e-type=\"section\">\n\t\t\t\t\t\t<div class=\"elementor-container elementor-column-gap-default\">\n\t\t\t\t\t<div class=\"elementor-column elementor-col-50 elementor-top-column elementor-element elementor-element-ce80785\" data-id=\"ce80785\" data-element_type=\"column\" data-e-type=\"column\">\n\t\t\t<div class=\"elementor-widget-wrap elementor-element-populated\">\n\t\t\t\t\t\t<div class=\"elementor-element elementor-element-5ec0755 elementor-widget elementor-widget-text-editor\" data-id=\"5ec0755\" data-element_type=\"widget\" data-e-type=\"widget\" data-widget_type=\"text-editor.default\">\n\t\t\t\t<div class=\"elementor-widget-container\">\n\t\t\t\t\t\t\t\t\t<h2><strong>Investigaciones y publicaciones<\/strong>\u00a0<\/h2><p>L\u00edneas de investigaci\u00f3n:<\/p><p>Caracter\u00edsticas y respuestas metab\u00f3licas al ejercicio en ni\u00f1os(as) en distintas etapas de maduraci\u00f3n<\/p><p>Evaluaci\u00f3n fisiol\u00f3gica de la aptitud f\u00edsica en diversas poblaciones<\/p><p>Aptitud f\u00edsica y caracter\u00edsticas de salud en ni\u00f1os, adolescentes y j\u00f3venes universitarios.<\/p><p>Investigaciones:<\/p><ul><li>AFAN \u2013 Actividad F\u00edsica, Aptitud F\u00edsica Autoeficacia y Nutrici\u00f3n en Ni\u00f1os, Ni\u00f1as y Adolescentes (2012 \u2013 2020)<\/li><li>UPI-AFAN \u2013 Aptitud F\u00edsica y Actividad F\u00edsica en J\u00f3venes Universitarios (2015-Presente)<\/li><\/ul><p>\u00a0<\/p>\t\t\t\t\t\t\t\t<\/div>\n\t\t\t\t<\/div>\n\t\t\t\t\t<\/div>\n\t\t<\/div>\n\t\t\t\t<div class=\"elementor-column elementor-col-50 elementor-top-column elementor-element elementor-element-3d7f8fc\" data-id=\"3d7f8fc\" data-element_type=\"column\" data-e-type=\"column\">\n\t\t\t<div class=\"elementor-widget-wrap elementor-element-populated\">\n\t\t\t\t\t\t<div class=\"elementor-element elementor-element-d965d97 elementor-widget elementor-widget-text-editor\" data-id=\"d965d97\" data-element_type=\"widget\" data-e-type=\"widget\" data-widget_type=\"text-editor.default\">\n\t\t\t\t<div class=\"elementor-widget-container\">\n\t\t\t\t\t\t\t\t\t<h2><strong>Proyectos<\/strong><\/h2><p>Proyecto de Pr\u00e1ctica Intramural \u2013 CEAFIR \u2013 Centro de Evaluaci\u00f3n de la Aptitud F\u00edsica y Rendimiento Deportivo \u2013 Co-Directora (2001-presente)<\/p><p>Programa de Maestr\u00eda en Ciencias del Ejercicio con especialidad en Fisiolog\u00eda del Ejercicio \u2013 Proponente y Coordinadora (2006 \u2013 presente)<\/p>\t\t\t\t\t\t\t\t<\/div>\n\t\t\t\t<\/div>\n\t\t\t\t\t<\/div>\n\t\t<\/div>\n\t\t\t\t\t<\/div>\n\t\t<\/section>\n\t\t\t\t<\/div>\n\t\t","protected":false},"excerpt":{"rendered":"<p>Investigaciones y publicaciones\u00a0 L\u00edneas de investigaci\u00f3n: Caracter\u00edsticas y respuestas metab\u00f3licas al ejercicio en ni\u00f1os(as) en distintas etapas de maduraci\u00f3n Evaluaci\u00f3n fisiol\u00f3gica de la aptitud f\u00edsica en diversas poblaciones Aptitud f\u00edsica y caracter\u00edsticas de salud en ni\u00f1os, adolescentes y j\u00f3venes universitarios. &hellip; <\/p>\n","protected":false},"author":6,"featured_media":0,"parent":0,"menu_order":0,"comment_status":"closed","ping_status":"closed","template":"","meta":{"footnotes":""},"class_list":["post-9416","page","type-page","status-publish","hentry"],"_links":{"self":[{"href":"https:\/\/educacion.uprrp.edu\/edfi\/index.php?rest_route=\/wp\/v2\/pages\/9416","targetHints":{"allow":["GET"]}}],"collection":[{"href":"https:\/\/educacion.uprrp.edu\/edfi\/index.php?rest_route=\/wp\/v2\/pages"}],"about":[{"href":"https:\/\/educacion.uprrp.edu\/edfi\/index.php?rest_route=\/wp\/v2\/types\/page"}],"author":[{"embeddable":true,"href":"https:\/\/educacion.uprrp.edu\/edfi\/index.php?rest_route=\/wp\/v2\/users\/6"}],"replies":[{"embeddable":true,"href":"https:\/\/educacion.uprrp.edu\/edfi\/index.php?rest_route=%2Fwp%2Fv2%2Fcomments&post=9416"}],"version-history":[{"count":3,"href":"https:\/\/educacion.uprrp.edu\/edfi\/index.php?rest_route=\/wp\/v2\/pages\/9416\/revisions"}],"predecessor-version":[{"id":9419,"href":"https:\/\/educacion.uprrp.edu\/edfi\/index.php?rest_route=\/wp\/v2\/pages\/9416\/revisions\/9419"}],"wp:attachment":[{"href":"https:\/\/educacion.uprrp.edu\/edfi\/index.php?rest_route=%2Fwp%2Fv2%2Fmedia&parent=9416"}],"curies":[{"name":"wp","href":"https:\/\/api.w.org\/{rel}","templated":true}]}}