{"id":9103,"date":"2020-11-20T12:59:22","date_gmt":"2020-11-20T12:59:22","guid":{"rendered":"http:\/\/educacion.uprrp.edu\/edfi\/?page_id=9103"},"modified":"2020-12-16T14:26:56","modified_gmt":"2020-12-16T14:26:56","slug":"programas-academicos-2","status":"publish","type":"page","link":"https:\/\/educacion.uprrp.edu\/edfi\/?page_id=9103","title":{"rendered":"Programas acad\u00e9micos"},"content":{"rendered":"\t\t<div data-elementor-type=\"wp-page\" data-elementor-id=\"9103\" class=\"elementor elementor-9103\">\n\t\t\t\t\t\t<section class=\"elementor-section elementor-top-section elementor-element elementor-element-74b1d2f elementor-section-boxed elementor-section-height-default elementor-section-height-default\" data-id=\"74b1d2f\" data-element_type=\"section\" data-e-type=\"section\">\n\t\t\t\t\t\t<div class=\"elementor-container elementor-column-gap-default\">\n\t\t\t\t\t<div class=\"elementor-column elementor-col-66 elementor-top-column elementor-element elementor-element-5a0fb6c\" data-id=\"5a0fb6c\" data-element_type=\"column\" data-e-type=\"column\">\n\t\t\t<div class=\"elementor-widget-wrap elementor-element-populated\">\n\t\t\t\t\t\t<div class=\"elementor-element elementor-element-31387ce elementor-widget elementor-widget-text-editor\" data-id=\"31387ce\" data-element_type=\"widget\" data-e-type=\"widget\" data-widget_type=\"text-editor.default\">\n\t\t\t\t<div class=\"elementor-widget-container\">\n\t\t\t\t\t\t\t\t\t<p>Obt\u00e9n un conjunto de conocimientos, competencias, habilidades, actitudes y valores que le permitir\u00e1n ejercer la profesi\u00f3n docente con calidad y con un alto nivel de compromiso; as\u00ed como la disposici\u00f3n y la capacidad para desarrollar su aprendizaje permanente, bas\u00e1ndose en la propia experiencia motriz, en el estudio sistem\u00e1tico de la profesi\u00f3n y la promoci\u00f3n de la investigaci\u00f3n agrupada en 6 dimensiones:<\/p><ul><li>Capacidad intelectual<\/li><li>Contenidos de la disciplina<\/li><li>Competencias did\u00e1cticas para maximizar el proceso de ense\u00f1anza-aprendizaje<\/li><li>Identidad profesional y \u00e9tica<\/li><li>Capacidad para trabajar con el entorno socio-cultural del educando<\/li><li>Establecimiento de v\u00ednculos con otras instituciones regionales, nacionales e internacionales, en un ambiente de responsabilidad, colaboraci\u00f3n, respeto y calidad.<\/li><\/ul>\t\t\t\t\t\t\t\t<\/div>\n\t\t\t\t<\/div>\n\t\t\t\t\t<\/div>\n\t\t<\/div>\n\t\t\t\t<div class=\"elementor-column elementor-col-33 elementor-top-column elementor-element elementor-element-1f92f86\" data-id=\"1f92f86\" data-element_type=\"column\" data-e-type=\"column\">\n\t\t\t<div class=\"elementor-widget-wrap elementor-element-populated\">\n\t\t\t\t\t\t<div class=\"elementor-element elementor-element-34eef59 elementor-widget elementor-widget-text-editor\" data-id=\"34eef59\" data-element_type=\"widget\" data-e-type=\"widget\" data-widget_type=\"text-editor.default\">\n\t\t\t\t<div class=\"elementor-widget-container\">\n\t\t\t\t\t\t\t\t\t<h6><a href=\"https:\/\/educacion.uprrp.edu\/edfi\/?page_id=9524\">Bachillerato en Educacio\u0301n Secundaria-Educaci\u00f3n F\u00edsica<\/a>\u00a0\u00a0<\/h6><h6>\u00a0<\/h6><h6><a href=\"https:\/\/educacion.uprrp.edu\/edfi\/?page_id=9532\">Bachillerato en Educacio\u0301n con concentracio\u0301n en Recreacio\u0301n<\/a><\/h6><h6 id=\"sites-page-title-header\" align=\"left\">\u00a0<\/h6>\t\t\t\t\t\t\t\t<\/div>\n\t\t\t\t<\/div>\n\t\t\t\t\t<\/div>\n\t\t<\/div>\n\t\t\t\t\t<\/div>\n\t\t<\/section>\n\t\t\t\t<section class=\"elementor-section elementor-top-section elementor-element elementor-element-82ce335 elementor-section-boxed elementor-section-height-default elementor-section-height-default\" data-id=\"82ce335\" data-element_type=\"section\" data-e-type=\"section\">\n\t\t\t\t\t\t<div class=\"elementor-container elementor-column-gap-default\">\n\t\t\t\t\t<div class=\"elementor-column elementor-col-100 elementor-top-column elementor-element elementor-element-f0c7fa8\" data-id=\"f0c7fa8\" data-element_type=\"column\" data-e-type=\"column\">\n\t\t\t<div class=\"elementor-widget-wrap\">\n\t\t\t\t\t\t\t<\/div>\n\t\t<\/div>\n\t\t\t\t\t<\/div>\n\t\t<\/section>\n\t\t\t\t<\/div>\n\t\t","protected":false},"excerpt":{"rendered":"<p>Obt\u00e9n un conjunto de conocimientos, competencias, habilidades, actitudes y valores que le permitir\u00e1n ejercer la profesi\u00f3n docente con calidad y con un alto nivel de compromiso; as\u00ed como la disposici\u00f3n y la capacidad para desarrollar su aprendizaje permanente, bas\u00e1ndose en &hellip; <\/p>\n","protected":false},"author":6,"featured_media":0,"parent":0,"menu_order":0,"comment_status":"closed","ping_status":"closed","template":"","meta":{"footnotes":""},"class_list":["post-9103","page","type-page","status-publish","hentry"],"_links":{"self":[{"href":"https:\/\/educacion.uprrp.edu\/edfi\/index.php?rest_route=\/wp\/v2\/pages\/9103","targetHints":{"allow":["GET"]}}],"collection":[{"href":"https:\/\/educacion.uprrp.edu\/edfi\/index.php?rest_route=\/wp\/v2\/pages"}],"about":[{"href":"https:\/\/educacion.uprrp.edu\/edfi\/index.php?rest_route=\/wp\/v2\/types\/page"}],"author":[{"embeddable":true,"href":"https:\/\/educacion.uprrp.edu\/edfi\/index.php?rest_route=\/wp\/v2\/users\/6"}],"replies":[{"embeddable":true,"href":"https:\/\/educacion.uprrp.edu\/edfi\/index.php?rest_route=%2Fwp%2Fv2%2Fcomments&post=9103"}],"version-history":[{"count":25,"href":"https:\/\/educacion.uprrp.edu\/edfi\/index.php?rest_route=\/wp\/v2\/pages\/9103\/revisions"}],"predecessor-version":[{"id":9540,"href":"https:\/\/educacion.uprrp.edu\/edfi\/index.php?rest_route=\/wp\/v2\/pages\/9103\/revisions\/9540"}],"wp:attachment":[{"href":"https:\/\/educacion.uprrp.edu\/edfi\/index.php?rest_route=%2Fwp%2Fv2%2Fmedia&parent=9103"}],"curies":[{"name":"wp","href":"https:\/\/api.w.org\/{rel}","templated":true}]}}